{"id":3926,"date":"2026-04-27T16:58:36","date_gmt":"2026-04-27T19:58:36","guid":{"rendered":"https:\/\/www.bomprincipioalimentos.com.br\/site\/?post_type=produtos&#038;p=3926"},"modified":"2026-04-27T17:44:19","modified_gmt":"2026-04-27T20:44:19","slug":"creme_de_amendoim_whey_e_colageno","status":"publish","type":"produtos","link":"https:\/\/www.bomprincipioalimentos.com.br\/site\/produtos\/creme_de_amendoim_whey_e_colageno\/","title":{"rendered":"Creme de Amendoim com Whey + Col\u00e1geno"},"content":{"rendered":"","protected":false},"featured_media":3870,"template":"","categorias_produtos":[107,96],"class_list":["post-3926","produtos","type-produtos","status-publish","has-post-thumbnail","hentry","categorias_produtos-linha-funcional","categorias_produtos-varejo"],"acf":[],"yoast_head":"<!-- This site is optimized with the Yoast SEO plugin v27.1.1 - https:\/\/yoast.com\/product\/yoast-seo-wordpress\/ -->\n<title>Creme de Amendoim com Whey + Col\u00e1geno - Bom Princ\u00edpio Alimentos<\/title>\n<meta name=\"description\" content=\"O Creme de Amendoim com Whey e Col\u00e1geno da Bom Princ\u00edpio \u00e9 a escolha ideal para quem busca unir sabor e performance na rotina, do caf\u00e9 da manh\u00e3 ao p\u00f3s-treino.\u2714\ufe0f 61% menos a\u00e7\u00facares que a vers\u00e3o tradicional \u2714\ufe0f Com whey protein \u2714\ufe0f Com col\u00e1geno\u2714\ufe0f Aproximadamente 25% de prote\u00ednas \u2714\ufe0f Textura cremosa e f\u00e1cil de espalharA linha funcional da Bom Princ\u00edpio \u00e9 vers\u00e1til e pensada para acompanhar todos os momentos do seu dia, trazendo o equil\u00edbrio perfeito entre sabor e funcionalidade, do caf\u00e9 da manh\u00e3 ao lanche entre compromissos. Sabor que fortalece \u26a1\ufe0f\" \/>\n<meta name=\"robots\" content=\"index, follow, max-snippet:-1, max-image-preview:large, max-video-preview:-1\" \/>\n<link rel=\"canonical\" href=\"https:\/\/www.bomprincipioalimentos.com.br\/site\/produtos\/creme_de_amendoim_whey_e_colageno\/\" \/>\n<meta property=\"og:locale\" content=\"pt_BR\" \/>\n<meta property=\"og:type\" content=\"article\" \/>\n<meta property=\"og:title\" content=\"Creme de Amendoim com Whey + Col\u00e1geno - Bom Princ\u00edpio Alimentos\" \/>\n<meta property=\"og:description\" content=\"O Creme de Amendoim com Whey e Col\u00e1geno da Bom Princ\u00edpio \u00e9 a escolha ideal para quem busca unir sabor e performance na rotina, do caf\u00e9 da manh\u00e3 ao p\u00f3s-treino.\u2714\ufe0f 61% menos a\u00e7\u00facares que a vers\u00e3o tradicional \u2714\ufe0f Com whey protein \u2714\ufe0f Com col\u00e1geno\u2714\ufe0f Aproximadamente 25% de prote\u00ednas \u2714\ufe0f Textura cremosa e f\u00e1cil de espalharA linha funcional da Bom Princ\u00edpio \u00e9 vers\u00e1til e pensada para acompanhar todos os momentos do seu dia, trazendo o equil\u00edbrio perfeito entre sabor e funcionalidade, do caf\u00e9 da manh\u00e3 ao lanche entre compromissos. Sabor que fortalece \u26a1\ufe0f\" \/>\n<meta property=\"og:url\" content=\"https:\/\/www.bomprincipioalimentos.com.br\/site\/produtos\/creme_de_amendoim_whey_e_colageno\/\" \/>\n<meta property=\"og:site_name\" content=\"Bom Princ\u00edpio Alimentos\" \/>\n<meta property=\"article:modified_time\" content=\"2026-04-27T20:44:19+00:00\" \/>\n<meta property=\"og:image\" content=\"https:\/\/www.bomprincipioalimentos.com.br\/site\/wp-content\/uploads\/2026\/04\/Creme-Amendoim-Whey-250g-v1-1024x1024.png\" \/>\n\t<meta property=\"og:image:width\" content=\"1024\" \/>\n\t<meta property=\"og:image:height\" content=\"1024\" \/>\n\t<meta property=\"og:image:type\" content=\"image\/png\" \/>\n<meta name=\"twitter:card\" content=\"summary_large_image\" \/>\n<meta name=\"twitter:label1\" content=\"Est. tempo de leitura\" \/>\n\t<meta name=\"twitter:data1\" content=\"1 minuto\" \/>\n<script type=\"application\/ld+json\" class=\"yoast-schema-graph\">{\"@context\":\"https:\/\/schema.org\",\"@graph\":[{\"@type\":\"WebPage\",\"@id\":\"https:\/\/www.bomprincipioalimentos.com.br\/site\/produtos\/creme_de_amendoim_whey_e_colageno\/\",\"url\":\"https:\/\/www.bomprincipioalimentos.com.br\/site\/produtos\/creme_de_amendoim_whey_e_colageno\/\",\"name\":\"Creme de Amendoim com Whey + Col\u00e1geno - Bom Princ\u00edpio Alimentos\",\"isPartOf\":{\"@id\":\"https:\/\/www.bomprincipioalimentos.com.br\/site\/#website\"},\"primaryImageOfPage\":{\"@id\":\"https:\/\/www.bomprincipioalimentos.com.br\/site\/produtos\/creme_de_amendoim_whey_e_colageno\/#primaryimage\"},\"image\":{\"@id\":\"https:\/\/www.bomprincipioalimentos.com.br\/site\/produtos\/creme_de_amendoim_whey_e_colageno\/#primaryimage\"},\"thumbnailUrl\":\"https:\/\/www.bomprincipioalimentos.com.br\/site\/wp-content\/uploads\/2026\/04\/Creme-Amendoim-Whey-250g-v1-scaled.png\",\"datePublished\":\"2026-04-27T19:58:36+00:00\",\"dateModified\":\"2026-04-27T20:44:19+00:00\",\"description\":\"O Creme de Amendoim com Whey e Col\u00e1geno da Bom Princ\u00edpio \u00e9 a escolha ideal para quem busca unir sabor e performance na rotina, do caf\u00e9 da manh\u00e3 ao p\u00f3s-treino.\u2714\ufe0f 61% menos a\u00e7\u00facares que a vers\u00e3o tradicional \u2714\ufe0f Com whey protein \u2714\ufe0f Com col\u00e1geno\u2714\ufe0f Aproximadamente 25% de prote\u00ednas \u2714\ufe0f Textura cremosa e f\u00e1cil de espalharA linha funcional da Bom Princ\u00edpio \u00e9 vers\u00e1til e pensada para acompanhar todos os momentos do seu dia, trazendo o equil\u00edbrio perfeito entre sabor e funcionalidade, do caf\u00e9 da manh\u00e3 ao lanche entre compromissos. Sabor que fortalece \u26a1\ufe0f\",\"breadcrumb\":{\"@id\":\"https:\/\/www.bomprincipioalimentos.com.br\/site\/produtos\/creme_de_amendoim_whey_e_colageno\/#breadcrumb\"},\"inLanguage\":\"pt-BR\",\"potentialAction\":[{\"@type\":\"ReadAction\",\"target\":[\"https:\/\/www.bomprincipioalimentos.com.br\/site\/produtos\/creme_de_amendoim_whey_e_colageno\/\"]}]},{\"@type\":\"ImageObject\",\"inLanguage\":\"pt-BR\",\"@id\":\"https:\/\/www.bomprincipioalimentos.com.br\/site\/produtos\/creme_de_amendoim_whey_e_colageno\/#primaryimage\",\"url\":\"https:\/\/www.bomprincipioalimentos.com.br\/site\/wp-content\/uploads\/2026\/04\/Creme-Amendoim-Whey-250g-v1-scaled.png\",\"contentUrl\":\"https:\/\/www.bomprincipioalimentos.com.br\/site\/wp-content\/uploads\/2026\/04\/Creme-Amendoim-Whey-250g-v1-scaled.png\",\"width\":2560,\"height\":2560},{\"@type\":\"BreadcrumbList\",\"@id\":\"https:\/\/www.bomprincipioalimentos.com.br\/site\/produtos\/creme_de_amendoim_whey_e_colageno\/#breadcrumb\",\"itemListElement\":[{\"@type\":\"ListItem\",\"position\":1,\"name\":\"In\u00edcio\",\"item\":\"https:\/\/www.bomprincipioalimentos.com.br\/site\/\"},{\"@type\":\"ListItem\",\"position\":2,\"name\":\"Creme de Amendoim com Whey + Col\u00e1geno\"}]},{\"@type\":\"WebSite\",\"@id\":\"https:\/\/www.bomprincipioalimentos.com.br\/site\/#website\",\"url\":\"https:\/\/www.bomprincipioalimentos.com.br\/site\/\",\"name\":\"Bom Princ\u00edpio Alimentos\",\"description\":\"\",\"publisher\":{\"@id\":\"https:\/\/www.bomprincipioalimentos.com.br\/site\/#organization\"},\"potentialAction\":[{\"@type\":\"SearchAction\",\"target\":{\"@type\":\"EntryPoint\",\"urlTemplate\":\"https:\/\/www.bomprincipioalimentos.com.br\/site\/?s={search_term_string}\"},\"query-input\":{\"@type\":\"PropertyValueSpecification\",\"valueRequired\":true,\"valueName\":\"search_term_string\"}}],\"inLanguage\":\"pt-BR\"},{\"@type\":\"Organization\",\"@id\":\"https:\/\/www.bomprincipioalimentos.com.br\/site\/#organization\",\"name\":\"Bom Princ\u00edpio Alimentos\",\"url\":\"https:\/\/www.bomprincipioalimentos.com.br\/site\/\",\"logo\":{\"@type\":\"ImageObject\",\"inLanguage\":\"pt-BR\",\"@id\":\"https:\/\/www.bomprincipioalimentos.com.br\/site\/#\/schema\/logo\/image\/\",\"url\":\"https:\/\/www.bomprincipioalimentos.com.br\/site\/wp-content\/uploads\/2024\/11\/logo-footer-bom-principio-alimentos.webp\",\"contentUrl\":\"https:\/\/www.bomprincipioalimentos.com.br\/site\/wp-content\/uploads\/2024\/11\/logo-footer-bom-principio-alimentos.webp\",\"width\":561,\"height\":231,\"caption\":\"Bom Princ\u00edpio Alimentos\"},\"image\":{\"@id\":\"https:\/\/www.bomprincipioalimentos.com.br\/site\/#\/schema\/logo\/image\/\"}}]}<\/script>\n<!-- \/ Yoast SEO plugin. -->","yoast_head_json":{"title":"Creme de Amendoim com Whey + Col\u00e1geno - Bom Princ\u00edpio Alimentos","description":"O Creme de Amendoim com Whey e Col\u00e1geno da Bom Princ\u00edpio \u00e9 a escolha ideal para quem busca unir sabor e performance na rotina, do caf\u00e9 da manh\u00e3 ao p\u00f3s-treino.\u2714\ufe0f 61% menos a\u00e7\u00facares que a vers\u00e3o tradicional \u2714\ufe0f Com whey protein \u2714\ufe0f Com col\u00e1geno\u2714\ufe0f Aproximadamente 25% de prote\u00ednas \u2714\ufe0f Textura cremosa e f\u00e1cil de espalharA linha funcional da Bom Princ\u00edpio \u00e9 vers\u00e1til e pensada para acompanhar todos os momentos do seu dia, trazendo o equil\u00edbrio perfeito entre sabor e funcionalidade, do caf\u00e9 da manh\u00e3 ao lanche entre compromissos. Sabor que fortalece \u26a1\ufe0f","robots":{"index":"index","follow":"follow","max-snippet":"max-snippet:-1","max-image-preview":"max-image-preview:large","max-video-preview":"max-video-preview:-1"},"canonical":"https:\/\/www.bomprincipioalimentos.com.br\/site\/produtos\/creme_de_amendoim_whey_e_colageno\/","og_locale":"pt_BR","og_type":"article","og_title":"Creme de Amendoim com Whey + Col\u00e1geno - Bom Princ\u00edpio Alimentos","og_description":"O Creme de Amendoim com Whey e Col\u00e1geno da Bom Princ\u00edpio \u00e9 a escolha ideal para quem busca unir sabor e performance na rotina, do caf\u00e9 da manh\u00e3 ao p\u00f3s-treino.\u2714\ufe0f 61% menos a\u00e7\u00facares que a vers\u00e3o tradicional \u2714\ufe0f Com whey protein \u2714\ufe0f Com col\u00e1geno\u2714\ufe0f Aproximadamente 25% de prote\u00ednas \u2714\ufe0f Textura cremosa e f\u00e1cil de espalharA linha funcional da Bom Princ\u00edpio \u00e9 vers\u00e1til e pensada para acompanhar todos os momentos do seu dia, trazendo o equil\u00edbrio perfeito entre sabor e funcionalidade, do caf\u00e9 da manh\u00e3 ao lanche entre compromissos. Sabor que fortalece \u26a1\ufe0f","og_url":"https:\/\/www.bomprincipioalimentos.com.br\/site\/produtos\/creme_de_amendoim_whey_e_colageno\/","og_site_name":"Bom Princ\u00edpio Alimentos","article_modified_time":"2026-04-27T20:44:19+00:00","og_image":[{"width":1024,"height":1024,"url":"https:\/\/www.bomprincipioalimentos.com.br\/site\/wp-content\/uploads\/2026\/04\/Creme-Amendoim-Whey-250g-v1-1024x1024.png","type":"image\/png"}],"twitter_card":"summary_large_image","twitter_misc":{"Est. tempo de leitura":"1 minuto"},"schema":{"@context":"https:\/\/schema.org","@graph":[{"@type":"WebPage","@id":"https:\/\/www.bomprincipioalimentos.com.br\/site\/produtos\/creme_de_amendoim_whey_e_colageno\/","url":"https:\/\/www.bomprincipioalimentos.com.br\/site\/produtos\/creme_de_amendoim_whey_e_colageno\/","name":"Creme de Amendoim com Whey + Col\u00e1geno - Bom Princ\u00edpio Alimentos","isPartOf":{"@id":"https:\/\/www.bomprincipioalimentos.com.br\/site\/#website"},"primaryImageOfPage":{"@id":"https:\/\/www.bomprincipioalimentos.com.br\/site\/produtos\/creme_de_amendoim_whey_e_colageno\/#primaryimage"},"image":{"@id":"https:\/\/www.bomprincipioalimentos.com.br\/site\/produtos\/creme_de_amendoim_whey_e_colageno\/#primaryimage"},"thumbnailUrl":"https:\/\/www.bomprincipioalimentos.com.br\/site\/wp-content\/uploads\/2026\/04\/Creme-Amendoim-Whey-250g-v1-scaled.png","datePublished":"2026-04-27T19:58:36+00:00","dateModified":"2026-04-27T20:44:19+00:00","description":"O Creme de Amendoim com Whey e Col\u00e1geno da Bom Princ\u00edpio \u00e9 a escolha ideal para quem busca unir sabor e performance na rotina, do caf\u00e9 da manh\u00e3 ao p\u00f3s-treino.\u2714\ufe0f 61% menos a\u00e7\u00facares que a vers\u00e3o tradicional \u2714\ufe0f Com whey protein \u2714\ufe0f Com col\u00e1geno\u2714\ufe0f Aproximadamente 25% de prote\u00ednas \u2714\ufe0f Textura cremosa e f\u00e1cil de espalharA linha funcional da Bom Princ\u00edpio \u00e9 vers\u00e1til e pensada para acompanhar todos os momentos do seu dia, trazendo o equil\u00edbrio perfeito entre sabor e funcionalidade, do caf\u00e9 da manh\u00e3 ao lanche entre compromissos. Sabor que fortalece \u26a1\ufe0f","breadcrumb":{"@id":"https:\/\/www.bomprincipioalimentos.com.br\/site\/produtos\/creme_de_amendoim_whey_e_colageno\/#breadcrumb"},"inLanguage":"pt-BR","potentialAction":[{"@type":"ReadAction","target":["https:\/\/www.bomprincipioalimentos.com.br\/site\/produtos\/creme_de_amendoim_whey_e_colageno\/"]}]},{"@type":"ImageObject","inLanguage":"pt-BR","@id":"https:\/\/www.bomprincipioalimentos.com.br\/site\/produtos\/creme_de_amendoim_whey_e_colageno\/#primaryimage","url":"https:\/\/www.bomprincipioalimentos.com.br\/site\/wp-content\/uploads\/2026\/04\/Creme-Amendoim-Whey-250g-v1-scaled.png","contentUrl":"https:\/\/www.bomprincipioalimentos.com.br\/site\/wp-content\/uploads\/2026\/04\/Creme-Amendoim-Whey-250g-v1-scaled.png","width":2560,"height":2560},{"@type":"BreadcrumbList","@id":"https:\/\/www.bomprincipioalimentos.com.br\/site\/produtos\/creme_de_amendoim_whey_e_colageno\/#breadcrumb","itemListElement":[{"@type":"ListItem","position":1,"name":"In\u00edcio","item":"https:\/\/www.bomprincipioalimentos.com.br\/site\/"},{"@type":"ListItem","position":2,"name":"Creme de Amendoim com Whey + Col\u00e1geno"}]},{"@type":"WebSite","@id":"https:\/\/www.bomprincipioalimentos.com.br\/site\/#website","url":"https:\/\/www.bomprincipioalimentos.com.br\/site\/","name":"Bom Princ\u00edpio Alimentos","description":"","publisher":{"@id":"https:\/\/www.bomprincipioalimentos.com.br\/site\/#organization"},"potentialAction":[{"@type":"SearchAction","target":{"@type":"EntryPoint","urlTemplate":"https:\/\/www.bomprincipioalimentos.com.br\/site\/?s={search_term_string}"},"query-input":{"@type":"PropertyValueSpecification","valueRequired":true,"valueName":"search_term_string"}}],"inLanguage":"pt-BR"},{"@type":"Organization","@id":"https:\/\/www.bomprincipioalimentos.com.br\/site\/#organization","name":"Bom Princ\u00edpio Alimentos","url":"https:\/\/www.bomprincipioalimentos.com.br\/site\/","logo":{"@type":"ImageObject","inLanguage":"pt-BR","@id":"https:\/\/www.bomprincipioalimentos.com.br\/site\/#\/schema\/logo\/image\/","url":"https:\/\/www.bomprincipioalimentos.com.br\/site\/wp-content\/uploads\/2024\/11\/logo-footer-bom-principio-alimentos.webp","contentUrl":"https:\/\/www.bomprincipioalimentos.com.br\/site\/wp-content\/uploads\/2024\/11\/logo-footer-bom-principio-alimentos.webp","width":561,"height":231,"caption":"Bom Princ\u00edpio Alimentos"},"image":{"@id":"https:\/\/www.bomprincipioalimentos.com.br\/site\/#\/schema\/logo\/image\/"}}]}},"_links":{"self":[{"href":"https:\/\/www.bomprincipioalimentos.com.br\/site\/wp-json\/wp\/v2\/produtos\/3926","targetHints":{"allow":["GET"]}}],"collection":[{"href":"https:\/\/www.bomprincipioalimentos.com.br\/site\/wp-json\/wp\/v2\/produtos"}],"about":[{"href":"https:\/\/www.bomprincipioalimentos.com.br\/site\/wp-json\/wp\/v2\/types\/produtos"}],"wp:featuredmedia":[{"embeddable":true,"href":"https:\/\/www.bomprincipioalimentos.com.br\/site\/wp-json\/wp\/v2\/media\/3870"}],"wp:attachment":[{"href":"https:\/\/www.bomprincipioalimentos.com.br\/site\/wp-json\/wp\/v2\/media?parent=3926"}],"wp:term":[{"taxonomy":"categorias_produtos","embeddable":true,"href":"https:\/\/www.bomprincipioalimentos.com.br\/site\/wp-json\/wp\/v2\/categorias_produtos?post=3926"}],"curies":[{"name":"wp","href":"https:\/\/api.w.org\/{rel}","templated":true}]}}